{"id":287,"date":"2019-02-08T18:52:44","date_gmt":"2019-02-08T17:52:44","guid":{"rendered":"http:\/\/clinicadenser.com\/contacte\/"},"modified":"2023-04-26T10:27:49","modified_gmt":"2023-04-26T09:27:49","slug":"contacte","status":"publish","type":"page","link":"https:\/\/clinicadenser.com\/ca\/contacte\/","title":{"rendered":"Contacta amb nosaltres"},"content":{"rendered":"<p>[et_pb_section fb_built=&#8221;1&#8243; _builder_version=&#8221;4.16&#8243; custom_padding=&#8221;0|0px|0|0px|false|false&#8221; global_colors_info=&#8221;{}&#8221;][et_pb_row column_structure=&#8221;3_5,2_5&#8243; use_custom_gutter=&#8221;on&#8221; gutter_width=&#8221;2&#8243; _builder_version=&#8221;4.16&#8243; background_size=&#8221;initial&#8221; background_position=&#8221;top_left&#8221; background_repeat=&#8221;repeat&#8221; global_colors_info=&#8221;{}&#8221;][et_pb_column type=&#8221;3_5&#8243; _builder_version=&#8221;4.16&#8243; custom_padding=&#8221;|||&#8221; global_colors_info=&#8221;{}&#8221; custom_padding__hover=&#8221;|||&#8221;][et_pb_contact_form use_spam_service=&#8221;on&#8221; recaptcha_list=&#8221;Cl\u00ednicaDenser|Cl\u00ednicaDenser-0&#8243; recaptcha_min_score=&#8221;1&#8243; success_message=&#8221;Missatge rebut correctament. En breu contactarem amb tu.&#8221; submit_button_text=&#8221;Enviar&#8221; _builder_version=&#8221;4.18.1&#8243; _unique_id=&#8221;347242f3-4aad-4c67-999d-3ce202d67bce&#8221; form_background_color=&#8221;#ffffff&#8221; global_colors_info=&#8221;{}&#8221; locked=&#8221;off&#8221; title_font=&#8221;|700|||||||&#8221; title=&#8221;Contacte&#8221; hover_enabled=&#8221;0&#8243; sticky_enabled=&#8221;0&#8243;][et_pb_contact_field field_id=&#8221;Nombre&#8221; field_title=&#8221;Nom&#8221; fullwidth_field=&#8221;on&#8221; _builder_version=&#8221;4.18.1&#8243; global_colors_info=&#8221;{}&#8221;][\/et_pb_contact_field][et_pb_contact_field field_id=&#8221;Tel\u00e9fono&#8221; field_title=&#8221;Tel\u00e8fon&#8221; _builder_version=&#8221;4.18.1&#8243; _module_preset=&#8221;default&#8221; global_colors_info=&#8221;{}&#8221;][\/et_pb_contact_field][et_pb_contact_field field_id=&#8221;Email&#8221; field_title=&#8221;Correu electr\u00f2nic&#8221; field_type=&#8221;email&#8221; _builder_version=&#8221;4.16&#8243; global_colors_info=&#8221;{}&#8221;][\/et_pb_contact_field][et_pb_contact_field field_id=&#8221;Mensaje&#8221; field_title=&#8221;Missatge&#8221; field_type=&#8221;text&#8221; fullwidth_field=&#8221;on&#8221; _builder_version=&#8221;4.16&#8243; global_colors_info=&#8221;{}&#8221;][\/et_pb_contact_field][et_pb_contact_field field_id=&#8221;Privacidad&#8221; field_title=&#8221;Protecci\u00f3 de dades&#8221; field_type=&#8221;checkbox&#8221; checkbox_options=&#8221;%91{%22dragID%22:0,%22value%22:%22Accepto la %22,%22checked%22:0,%22link_text%22:%22Pol\u00edtica de Privacitat%22,%22link_url%22:%22\\\/politica-de-privacidad%22}%93&#8243; _builder_version=&#8221;4.18.1&#8243; _module_preset=&#8221;default&#8221; hover_enabled=&#8221;0&#8243; global_colors_info=&#8221;{}&#8221; form_field_font_size=&#8221;12px&#8221; sticky_enabled=&#8221;0&#8243;][\/et_pb_contact_field][et_pb_contact_field field_id=&#8221;Comercial&#8221; field_title=&#8221;Comunicacions comercials&#8221; field_type=&#8221;checkbox&#8221; checkbox_options=&#8221;%91{%22value%22:%22Accepto l&#8217;enviament de comunicacions comercials%22,%22checked%22:0,%22dragID%22:-1}%93&#8243; _builder_version=&#8221;4.18.1&#8243; _module_preset=&#8221;default&#8221; hover_enabled=&#8221;0&#8243; global_colors_info=&#8221;{}&#8221; form_field_font_size=&#8221;12px&#8221; sticky_enabled=&#8221;0&#8243;][\/et_pb_contact_field][\/et_pb_contact_form][et_pb_text _builder_version=&#8221;4.18.1&#8243; _module_preset=&#8221;default&#8221; text_font_size=&#8221;10px&#8221; text_line_height=&#8221;1.2em&#8221; global_colors_info=&#8221;{}&#8221; locked=&#8221;off&#8221;]<\/p>\n<p>La comunicaci\u00f3n enviada quedar\u00e1 incorporada a un fichero del que es responsable CRISTINA SERRA MARTINEZ. Esta comunicaci\u00f3n se utilizar\u00e1 exclusivamente para tratar sus datos para atender su solicitud, siempre de acuerdo al Reglamento (UE) 2016\/679 (RGPD), la Ley Org\u00e1nica 15\/1999 (LOPD) y el Real Decreto 1720\/2007 de desarrollo de la LOPD), sobre protecci\u00f3n de datos. Sus datos no se comunicaran a terceros, excepto por obligaci\u00f3n legal, y se mantendr\u00e1n mientras no solicite su cancelaci\u00f3n.<br \/>En cualquier momento usted puede ejercer los derechos de acceso, rectificaci\u00f3n, portabilidad y oposici\u00f3n, o si procede, a la limitaci\u00f3n y\/o cancelaci\u00f3n del tratamiento, comunic\u00e1ndolo por escrito, indicando sus datos personales a Avda. Llu\u00eds Companys, n\u00fam. 8, 08172-Sant Cugat del Vall\u00e9s (Barcelona) o mediante un email a info@clinicadenser.com.<\/p>\n<p>[\/et_pb_text][\/et_pb_column][et_pb_column type=&#8221;2_5&#8243; _builder_version=&#8221;4.16&#8243; custom_padding=&#8221;|||&#8221; global_colors_info=&#8221;{}&#8221; custom_padding__hover=&#8221;|||&#8221;][et_pb_text _builder_version=&#8221;4.16&#8243; global_colors_info=&#8221;{}&#8221;]<\/p>\n<h2>Horaris<\/h2>\n<p>Dilluns a dimarts: 9:30h a 13:30h i de 16:30h a 21:00h Dimecres: 9:30h a 18:30h Dijous: 9:30h a 13:30h i 15:30h a 20h Divendres 9:30h a 14:00h Eventualment, divendres a la tarda i dissabte al mat\u00ed obert<\/p>\n<p>[\/et_pb_text][et_pb_divider show_divider=&#8221;off&#8221; _builder_version=&#8221;4.16&#8243; global_colors_info=&#8221;{}&#8221;][\/et_pb_divider][et_pb_text _builder_version=&#8221;4.16&#8243; global_colors_info=&#8221;{}&#8221;]<\/p>\n<h2>Tel\u00e8fon de contacte<\/h2>\n<div class=\"textwidget\"><span style=\"font-size: x-large; color: #808080;\"><strong>T.\u00a0<a style=\"color: #808080;\" href=\"tel:+34935890054\" target=\"_top\" rel=\"noopener noreferrer\">93 589 00 54<\/a><\/strong><\/span> <span style=\"font-size: x-large; color: #808080;\"><strong>M. <a style=\"color: #808080;\" href=\"tel:+34696288019\" target=\"_top\" rel=\"noopener noreferrer\">696 288 019<\/a><\/strong><\/span><\/div>\n<p>[\/et_pb_text][\/et_pb_column][\/et_pb_row][\/et_pb_section][et_pb_section fb_built=&#8221;1&#8243; _builder_version=&#8221;4.16&#8243; background_color=&#8221;#f2f2f2&#8243; custom_padding=&#8221;6px|0px|54px|0px|false|false&#8221; global_colors_info=&#8221;{}&#8221;][et_pb_row _builder_version=&#8221;4.16&#8243; background_size=&#8221;initial&#8221; background_position=&#8221;top_left&#8221; background_repeat=&#8221;repeat&#8221; custom_padding=&#8221;27px|0px|0|0px|false|false&#8221; global_colors_info=&#8221;{}&#8221;][et_pb_column type=&#8221;4_4&#8243; _builder_version=&#8221;4.16&#8243; custom_padding=&#8221;|||&#8221; global_colors_info=&#8221;{}&#8221; custom_padding__hover=&#8221;|||&#8221;][et_pb_text _builder_version=&#8221;4.16&#8243; border_width_bottom=&#8221;1px&#8221; border_color_bottom=&#8221;rgba(39,45,103,0.45)&#8221; global_colors_info=&#8221;{}&#8221;]<\/p>\n<h2>On som?<\/h2>\n<p>[\/et_pb_text][\/et_pb_column][\/et_pb_row][et_pb_row column_structure=&#8221;1_3,1_3,1_3&#8243; use_custom_gutter=&#8221;on&#8221; gutter_width=&#8221;2&#8243; disabled_on=&#8221;off|off|off&#8221; _builder_version=&#8221;4.16&#8243; background_size=&#8221;initial&#8221; background_position=&#8221;top_left&#8221; background_repeat=&#8221;repeat&#8221; custom_padding=&#8221;19px|0px|27px|0px|false|false&#8221; global_colors_info=&#8221;{}&#8221;][et_pb_column type=&#8221;1_3&#8243; _builder_version=&#8221;4.16&#8243; custom_padding=&#8221;|||&#8221; global_colors_info=&#8221;{}&#8221; custom_padding__hover=&#8221;|||&#8221;][et_pb_text _builder_version=&#8221;4.16&#8243; text_font=&#8221;||||||||&#8221; header_font=&#8221;||||||||&#8221; background_color=&#8221;#7e7e7e&#8221; text_orientation=&#8221;center&#8221; background_layout=&#8221;dark&#8221; custom_margin=&#8221;||0px&#8221; custom_padding=&#8221;10px||0px&#8221; global_colors_info=&#8221;{}&#8221;]<\/p>\n<h2><strong>SANT CUGAT<\/strong><\/h2>\n<p>[\/et_pb_text][et_pb_map address=&#8221;Avinguda Lluis Companys, 8, 08172 Sant Cugat del Vall\u00e8s, Barcelona, Espa\u00f1a&#8221; zoom_level=&#8221;14&#8243; address_lat=&#8221;41.46901&#8243; address_lng=&#8221;2.0785&#8243; mouse_wheel=&#8221;off&#8221; _builder_version=&#8221;4.16&#8243; global_colors_info=&#8221;{}&#8221;][et_pb_map_pin pin_address=&#8221;Avinguda Lluis Companys, 8, 08172 Sant Cugat del Vall\u00e8s, Barcelona, Espa\u00f1a&#8221; pin_address_lat=&#8221;41.46901&#8243; pin_address_lng=&#8221;2.0785&#8243; _builder_version=&#8221;3.19.13&#8243; global_colors_info=&#8221;{}&#8221;]<\/p>\n<h3>CL\u00cdNICA DENTAL DENSER<\/h3>\n<p>Avda. Llu\u00eds Companys, 8<br \/>Sant Cugat del Vall\u00e9s (Barcelona)<br \/>T. 93 589 00 54<br \/>M. 696 288 019<\/p>\n<p>[\/et_pb_map_pin][\/et_pb_map][et_pb_text _builder_version=&#8221;4.16&#8243; global_colors_info=&#8221;{}&#8221;]<\/p>\n<h4><strong><span style=\"color: #272d67;\">DENSER SANT CUGAT<\/span><\/strong><\/h4>\n<p>Avda. Llu\u00eds Companys, 8<br \/>08172 Sant Cugat del Vall\u00e9s (Barcelona)<br \/>T. 93 589 00 54<br \/>M. 696 288 019<\/p>\n<p>[\/et_pb_text][\/et_pb_column][et_pb_column type=&#8221;1_3&#8243; _builder_version=&#8221;4.16&#8243; custom_padding=&#8221;|||&#8221; global_colors_info=&#8221;{}&#8221; custom_padding__hover=&#8221;|||&#8221;][et_pb_text disabled_on=&#8221;on|on|on&#8221; _builder_version=&#8221;4.16&#8243; text_font=&#8221;||||||||&#8221; header_font=&#8221;||||||||&#8221; background_color=&#8221;#7e7e7e&#8221; text_orientation=&#8221;center&#8221; background_layout=&#8221;dark&#8221; custom_margin=&#8221;||0px&#8221; custom_padding=&#8221;10px||0px&#8221; disabled=&#8221;on&#8221; global_colors_info=&#8221;{}&#8221;]<\/p>\n<h2><strong>SANTA COLOMA<\/strong><\/h2>\n<p>[\/et_pb_text][et_pb_map address=&#8221;Rambla de Sant Sebasti\u00e0, 52, 08922 Santa Coloma de Gramenet, Barcelona, Espanya&#8221; zoom_level=&#8221;14&#8243; address_lat=&#8221;41.45037840000001&#8243; address_lng=&#8221;2.212411100000054&#8243; mouse_wheel=&#8221;off&#8221; disabled_on=&#8221;on|on|on&#8221; _builder_version=&#8221;4.16&#8243; disabled=&#8221;on&#8221; global_colors_info=&#8221;{}&#8221;][et_pb_map_pin pin_address=&#8221;Rambla de Sant Sebasti\u00e0, 52, 08922 Santa Coloma de Gramenet, Barcelona, Espanya&#8221; pin_address_lat=&#8221;41.45037840000001&#8243; pin_address_lng=&#8221;2.212411100000054&#8243; _builder_version=&#8221;3.19.2&#8243; global_colors_info=&#8221;{}&#8221;]<\/p>\n<h3>CL\u00cdNICA DENTAL DENSER SANTA COLOMA<\/h3>\n<p>Rambla Sant Sebasti\u00e0, 52 Santa Coloma de Gramenet (Barcelona) T. 93 466 17 21<\/p>\n<p>[\/et_pb_map_pin][\/et_pb_map][et_pb_text disabled_on=&#8221;on|on|on&#8221; _builder_version=&#8221;4.16&#8243; disabled=&#8221;on&#8221; global_colors_info=&#8221;{}&#8221;]<\/p>\n<h4><span style=\"color: #272d67;\"><strong>DENSER SANTA COLOMA<\/strong><\/span><\/h4>\n<p>Rambla Sant Sebasti\u00e0, 52 Santa Coloma de Gramenet (Barcelona) T. 93 466 17 21<\/p>\n<p>[\/et_pb_text][\/et_pb_column][et_pb_column type=&#8221;1_3&#8243; _builder_version=&#8221;4.16&#8243; custom_padding=&#8221;|||&#8221; global_colors_info=&#8221;{}&#8221; custom_padding__hover=&#8221;|||&#8221;][et_pb_text _builder_version=&#8221;4.16&#8243; text_font=&#8221;||||||||&#8221; header_font=&#8221;||||||||&#8221; background_color=&#8221;#7e7e7e&#8221; text_orientation=&#8221;center&#8221; background_layout=&#8221;dark&#8221; custom_margin=&#8221;||0px&#8221; custom_padding=&#8221;10px||0px&#8221; global_colors_info=&#8221;{}&#8221;]<\/p>\n<h2><strong>Castell\u00f3<\/strong><\/h2>\n<p>[\/et_pb_text][et_pb_map address=&#8221;Calle Can\u00f3nigo Villar, 24, 12200 Onda, Castell\u00f3n, Espanya&#8221; zoom_level=&#8221;14&#8243; address_lat=&#8221;39.9648423&#8243; address_lng=&#8221;-0.265443399999981&#8243; mouse_wheel=&#8221;off&#8221; _builder_version=&#8221;4.16&#8243; global_colors_info=&#8221;{}&#8221;][et_pb_map_pin pin_address=&#8221;Calle Can\u00f3nigo Villar, 24, 12200 Onda, Castell\u00f3n, Espanya&#8221; pin_address_lat=&#8221;39.9648423&#8243; pin_address_lng=&#8221;-0.265443399999981&#8243; _builder_version=&#8221;3.19.2&#8243; global_colors_info=&#8221;{}&#8221;]<\/p>\n<h3>CL\u00cdNICA DENTAL DENSER ONDA<\/h3>\n<p>C\/ Canonge Villar, 24 Baixos Castell\u00f3 T. 96 477 11 74<\/p>\n<p>[\/et_pb_map_pin][\/et_pb_map][et_pb_text _builder_version=&#8221;4.16&#8243; global_colors_info=&#8221;{}&#8221;]<\/p>\n<h4><strong><span style=\"color: #272d67;\">DENSER ONDA<\/span><\/strong><\/h4>\n<p>C\/ Canonge Villar, 24 Baixos Castell\u00f3 T. 96 477 11 74<\/p>\n<p>[\/et_pb_text][\/et_pb_column][\/et_pb_row][\/et_pb_section]<\/p>\n","protected":false},"excerpt":{"rendered":"<p>La comunicaci\u00f3n enviada quedar\u00e1 incorporada a un fichero del que es responsable CRISTINA SERRA MARTINEZ. Esta comunicaci\u00f3n se utilizar\u00e1 exclusivamente para tratar sus datos para atender su solicitud, siempre de acuerdo al Reglamento (UE) 2016\/679 (RGPD), la Ley Org\u00e1nica 15\/1999 (LOPD) y el Real Decreto 1720\/2007 de desarrollo de la LOPD), sobre protecci\u00f3n de datos. [&hellip;]<\/p>\n","protected":false},"author":3,"featured_media":0,"parent":0,"menu_order":0,"comment_status":"closed","ping_status":"closed","template":"","meta":{"_et_pb_use_builder":"on","_et_pb_old_content":"","_et_gb_content_width":"","footnotes":""},"class_list":["post-287","page","type-page","status-publish","hentry"],"_links":{"self":[{"href":"https:\/\/clinicadenser.com\/ca\/wp-json\/wp\/v2\/pages\/287","targetHints":{"allow":["GET"]}}],"collection":[{"href":"https:\/\/clinicadenser.com\/ca\/wp-json\/wp\/v2\/pages"}],"about":[{"href":"https:\/\/clinicadenser.com\/ca\/wp-json\/wp\/v2\/types\/page"}],"author":[{"embeddable":true,"href":"https:\/\/clinicadenser.com\/ca\/wp-json\/wp\/v2\/users\/3"}],"replies":[{"embeddable":true,"href":"https:\/\/clinicadenser.com\/ca\/wp-json\/wp\/v2\/comments?post=287"}],"version-history":[{"count":19,"href":"https:\/\/clinicadenser.com\/ca\/wp-json\/wp\/v2\/pages\/287\/revisions"}],"predecessor-version":[{"id":918,"href":"https:\/\/clinicadenser.com\/ca\/wp-json\/wp\/v2\/pages\/287\/revisions\/918"}],"wp:attachment":[{"href":"https:\/\/clinicadenser.com\/ca\/wp-json\/wp\/v2\/media?parent=287"}],"curies":[{"name":"wp","href":"https:\/\/api.w.org\/{rel}","templated":true}]}}